{"id":12,"date":"2025-11-22T10:06:00","date_gmt":"2025-11-22T10:06:00","guid":{"rendered":"https:\/\/demo.artureanec.com\/themes\/aiero-dark\/?page_id=12"},"modified":"2025-11-22T10:06:01","modified_gmt":"2025-11-22T10:06:01","slug":"refund_returns-2","status":"publish","type":"page","link":"https:\/\/thinkpeak.ai\/tr\/refund_returns-2\/","title":{"rendered":"Para \u0130adesi ve \u0130ade Politikas\u0131"},"content":{"rendered":"<h1 class=\"wp-block-heading\">Para \u0130adesi Politikas\u0131<\/h1>\n\n\n\n<p><strong>Y\u00fcr\u00fcrl\u00fck Tarihi:<\/strong> 22-11-2025<\/p>\n\n\n\n<p>ThinkPeak.ai olarak, dijital \u00fcr\u00fcnlerimizi ve hizmetlerimizi satma \u015feklimizde \u015feffafl\u0131k ve adaleti sa\u011flamay\u0131 ama\u00e7l\u0131yoruz. Bu Geri \u00d6deme Politikas\u0131, ThinkPeak.ai'den sat\u0131n al\u0131nan t\u00fcm yapay zeka \u00e7\u00f6z\u00fcm \u015fablonlar\u0131, otomasyon sistemleri ve ilgili hizmetler i\u00e7in ge\u00e7erlidir.<\/p>\n\n\n\n<p>Bizden sat\u0131n alarak, a\u015fa\u011f\u0131da belirtilen \u015fartlar\u0131 kabul etmi\u015f olursunuz.<\/p>\n\n\n\n<hr class=\"wp-block-separator has-alpha-channel-opacity\"\/>\n\n\n\n<h2 class=\"wp-block-heading\">1. Dijital \u00dcr\u00fcnler ve \u015eablonlar \u0130ade Edilemez<\/h2>\n\n\n\n<p>T\u00fcm sat\u0131n al\u0131mlar <strong>Yapay zeka \u015fablonlar\u0131<\/strong>, <strong>otomasyon \u015fablonlar\u0131<\/strong>, <strong>acente \u015fablonlar\u0131<\/strong>, ve di\u011fer indirilebilir veya bulut \u00fczerinden teslim edilen dijital \u00fcr\u00fcnler <strong>nihai ve iade edilemez<\/strong>.<\/p>\n\n\n\n<p>Bunun nedeni \u015fudur:<\/p>\n\n\n\n<ul class=\"wp-block-list\">\n<li>bu varl\u0131klar dijital olarak teslim edilir ve \u201ciade edilemez\u201d.\u201d<\/li>\n\n\n\n<li>eri\u015fim hemen sa\u011flan\u0131r,<\/li>\n\n\n\n<li>fikri m\u00fclkiyet, sat\u0131n alma ile birlikte devredilir.<\/li>\n<\/ul>\n\n\n\n<p>Eri\u015fim sa\u011fland\u0131ktan sonra geri \u00f6deme yap\u0131lmayacakt\u0131r.<\/p>\n\n\n\n<hr class=\"wp-block-separator has-alpha-channel-opacity\"\/>\n\n\n\n<h2 class=\"wp-block-heading\">2. \u0130stisnalar (Nadir \u00d6zel Durumlar)<\/h2>\n\n\n\n<p>Para iadesini d\u00fc\u015f\u00fcnebiliriz <em>sadece<\/em> Bu istisnai durumlardan birinde:<\/p>\n\n\n\n<ul class=\"wp-block-list\">\n<li>teslim edilen \u00fcr\u00fcn, reklam\u0131 yap\u0131landan tamamen farkl\u0131d\u0131r,<\/li>\n\n\n\n<li>taraf\u0131m\u0131zdaki teknik bir ar\u0131za nedeniyle \u015fablon asla teslim edilmedi,<\/li>\n\n\n\n<li>kazara m\u00fckerrer sat\u0131n alma.<\/li>\n<\/ul>\n\n\n\n<p>Herhangi bir istisna iadesi tamamen bizim takdirimize ba\u011fl\u0131 olarak verilir.<\/p>\n\n\n\n<hr class=\"wp-block-separator has-alpha-channel-opacity\"\/>\n\n\n\n<h2 class=\"wp-block-heading\">3. Uygulama veya \u00d6zelle\u015ftirme Hizmetlerinde Para \u0130adesi Yoktur<\/h2>\n\n\n\n<p>Gibi hizmetler i\u00e7in:<\/p>\n\n\n\n<ul class=\"wp-block-list\">\n<li>\u015fablonlar\u0131n \u00f6zelle\u015ftirilmesi,<\/li>\n\n\n\n<li>i\u015fe al\u0131m hizmetleri,<\/li>\n\n\n\n<li>entegrasyonlar,<\/li>\n\n\n\n<li>kurulum yard\u0131m\u0131,<\/li>\n\n\n\n<li>dan\u0131\u015fmanl\u0131k veya dan\u0131\u015fmanl\u0131k \u00e7a\u011fr\u0131lar\u0131,<\/li>\n\n\n\n<li>i\u015f ak\u0131\u015f\u0131 tasar\u0131m\u0131,<\/li>\n<\/ul>\n\n\n\n<p>i\u0307\u015f ba\u015fladiktan sonra t\u00fcm \u00f6demeler i\u0307ade edi\u0307lemez.<\/p>\n\n\n\n<hr class=\"wp-block-separator has-alpha-channel-opacity\"\/>\n\n\n\n<h2 class=\"wp-block-heading\">4. Abonelik Tabanl\u0131 \u00dcr\u00fcnler<\/h2>\n\n\n\n<p>ThinkPeak.ai'nin abonelik eri\u015fimi sunmas\u0131 durumunda:<\/p>\n\n\n\n<ul class=\"wp-block-list\">\n<li>\u015fablon k\u00fct\u00fcphaneleri,<\/li>\n\n\n\n<li>ajan k\u00fct\u00fcphaneleri,<\/li>\n\n\n\n<li>otomasyon sistemleri,<\/li>\n<\/ul>\n\n\n\n<p>abonelikler herhangi bir zamanda iptal edilebilir.<\/p>\n\n\n\n<p>\u0130ptal, gelecekteki masraflar\u0131 \u00f6nler.<\/p>\n\n\n\n<p>Halihaz\u0131rda yap\u0131lm\u0131\u015f olan \u00f6demeler iade edilmez.<\/p>\n\n\n\n<hr class=\"wp-block-separator has-alpha-channel-opacity\"\/>\n\n\n\n<h2 class=\"wp-block-heading\">5. \u015eablon Sat\u0131n Al\u0131mlar\u0131na Dahil Destek<\/h2>\n\n\n\n<p>Sat\u0131n al\u0131nan her \u015fablon \u015funlar\u0131 i\u00e7erir <strong>30 g\u00fcnl\u00fck standart destek<\/strong> \u00f6rtmek:<\/p>\n\n\n\n<ul class=\"wp-block-list\">\n<li>teknik sorunlar,<\/li>\n\n\n\n<li>kurulum sorular\u0131,<\/li>\n\n\n\n<li>kullan\u0131m k\u0131lavuzu,<\/li>\n\n\n\n<li>Sorun giderme.<\/li>\n<\/ul>\n\n\n\n<p>Destek var <em>de\u011fil<\/em> dahil:<\/p>\n\n\n\n<ul class=\"wp-block-list\">\n<li>a\u011f\u0131r \u00f6zelle\u015ftirme,<\/li>\n\n\n\n<li>yeniden tasarla,<\/li>\n\n\n\n<li>Yeniden yap\u0131land\u0131rma,<\/li>\n\n\n\n<li>ek \u00f6zellikler,<\/li>\n\n\n\n<li>entegrasyonlar varsay\u0131lan olarak \u015fablona dahil edilmemi\u015ftir.<\/li>\n<\/ul>\n\n\n\n<p>Geni\u015fletilmi\u015f \/ premium destek gerekiyorsa, ayr\u0131ca sat\u0131n al\u0131nabilir.<\/p>\n\n\n\n<hr class=\"wp-block-separator has-alpha-channel-opacity\"\/>\n\n\n\n<h2 class=\"wp-block-heading\">6. Nas\u0131l Destek Talep Edilir<\/h2>\n\n\n\n<p>Destek Talepleri E-posta: <strong><a>info@thinkpeak.ai<\/a><\/strong><\/p>\n\n\n\n<p>L\u00fctfen ekleyin:<\/p>\n\n\n\n<ul class=\"wp-block-list\">\n<li>Senin ad\u0131n,<\/li>\n\n\n\n<li>sipari\u015f e-postas\u0131,<\/li>\n\n\n\n<li>sat\u0131n alma tarihi,<\/li>\n\n\n\n<li>\u015fablon\/\u00fcr\u00fcn ad\u0131,<\/li>\n\n\n\n<li>Sorun a\u00e7\u0131klamas\u0131.<\/li>\n<\/ul>\n\n\n\n<p>Yan\u0131t\u0131m\u0131z\u0131 48 i\u015f saati i\u00e7inde vermeyi hedefliyoruz.<\/p>\n\n\n\n<hr class=\"wp-block-separator has-alpha-channel-opacity\"\/>\n\n\n\n<h2 class=\"wp-block-heading\">7. Teslimat Sorunlar\u0131<\/h2>\n\n\n\n<p>\u00dcr\u00fcn eri\u015fim ba\u011flant\u0131n\u0131z\u0131 veya dosyalar\u0131n\u0131z\u0131 almad\u0131ysan\u0131z:<br>Bize e-posta g\u00f6nderin <strong>72 saat<\/strong> 'de sat\u0131n alma <strong><a>info@thinkpeak.ai<\/a><\/strong>.<\/p>\n\n\n\n<p>Eri\u015fim ba\u011flant\u0131s\u0131n\u0131 hi\u00e7bir ek \u00fccret talep etmeden yeniden g\u00f6nderece\u011fiz.<\/p>\n\n\n\n<hr class=\"wp-block-separator has-alpha-channel-opacity\"\/>\n\n\n\n<h2 class=\"wp-block-heading\">8. \u00dccret iadeleri<\/h2>\n\n\n\n<p>Sahte ters ibrazda bulunma:<\/p>\n\n\n\n<ul class=\"wp-block-list\">\n<li>hesab\u0131n kal\u0131c\u0131 olarak feshedilmesine neden olur,<\/li>\n\n\n\n<li>ThinkPeak.ai \u00fcr\u00fcnlerinin t\u00fcm lisanslar\u0131n\u0131 ge\u00e7ersiz k\u0131lar,<\/li>\n\n\n\n<li>gerekirse yasal yollara ba\u015fvurulabilir.<\/li>\n<\/ul>\n\n\n\n<p>\u00c7\u00f6z\u00fcm i\u00e7in \u00f6ncelikle bizimle ileti\u015fime ge\u00e7menizi \u00f6neririz.<\/p>\n\n\n\n<hr class=\"wp-block-separator has-alpha-channel-opacity\"\/>\n\n\n\n<h2 class=\"wp-block-heading\">9. Politika De\u011fi\u015fiklikleri<\/h2>\n\n\n\n<p>Bu politikay\u0131 zaman zaman g\u00fcncelleyebiliriz.<br>G\u00fcncellenmi\u015f versiyon, revize edilmi\u015f bir y\u00fcr\u00fcrl\u00fck tarihi ile burada g\u00f6r\u00fcnecektir.<\/p>\n\n\n\n<hr class=\"wp-block-separator has-alpha-channel-opacity\"\/>\n\n\n\n<h2 class=\"wp-block-heading\">10. \u0130leti\u015fim Bilgileri<\/h2>\n\n\n\n<p>Destek veya geri \u00f6deme sorular\u0131 i\u00e7in:<\/p>\n\n\n\n<p><strong>E-posta:<\/strong> <a>info@thinkpeak.ai<\/a><br><strong>\u015eirket:<\/strong> ThinkPeak.ai<\/p>","protected":false},"excerpt":{"rendered":"<p>Refund Policy Effective Date: 22-11-2025 At ThinkPeak.ai, we aim to ensure transparency and fairness in how we sell our digital products and services. This Refund Policy applies to all AI solution templates, automation systems, and related services purchased from ThinkPeak.ai. By&#8230;<\/p>","protected":false},"author":1,"featured_media":0,"parent":0,"menu_order":0,"comment_status":"closed","ping_status":"closed","template":"","meta":{"_monsterinsights_skip_tracking":false,"_monsterinsights_sitenote_active":false,"_monsterinsights_sitenote_note":"","_monsterinsights_sitenote_category":0,"footnotes":""},"class_list":["post-12","page","type-page","status-publish","hentry"],"_links":{"self":[{"href":"https:\/\/thinkpeak.ai\/tr\/wp-json\/wp\/v2\/pages\/12","targetHints":{"allow":["GET"]}}],"collection":[{"href":"https:\/\/thinkpeak.ai\/tr\/wp-json\/wp\/v2\/pages"}],"about":[{"href":"https:\/\/thinkpeak.ai\/tr\/wp-json\/wp\/v2\/types\/page"}],"author":[{"embeddable":true,"href":"https:\/\/thinkpeak.ai\/tr\/wp-json\/wp\/v2\/users\/1"}],"replies":[{"embeddable":true,"href":"https:\/\/thinkpeak.ai\/tr\/wp-json\/wp\/v2\/comments?post=12"}],"version-history":[{"count":1,"href":"https:\/\/thinkpeak.ai\/tr\/wp-json\/wp\/v2\/pages\/12\/revisions"}],"predecessor-version":[{"id":16184,"href":"https:\/\/thinkpeak.ai\/tr\/wp-json\/wp\/v2\/pages\/12\/revisions\/16184"}],"wp:attachment":[{"href":"https:\/\/thinkpeak.ai\/tr\/wp-json\/wp\/v2\/media?parent=12"}],"curies":[{"name":"wp","href":"https:\/\/api.w.org\/{rel}","templated":true}]}}